{"id":40757,"date":"2021-11-09T08:40:28","date_gmt":"2021-11-09T08:40:28","guid":{"rendered":"https:\/\/venfilter.es\/sector\/espacios-publicos-y-comerciales\/"},"modified":"2025-11-28T09:40:06","modified_gmt":"2025-11-28T08:40:06","slug":"espacos-publicos-comerciais","status":"publish","type":"sector","link":"https:\/\/venfilter.es\/pt-pt\/sectores\/espacos-publicos-comerciais\/","title":{"rendered":"Espa\u00e7os p\u00fablicos e comerciais"},"content":{"rendered":"\n<div class=\"block-column dos\"\n    style=\"min-height: 100px;background-color:#ffffff;\">\n    <div class=\"columns left\">\n        <div class=\"column column-content sector\">\n            <div>\n                                <div class=\"title\">\n                    <a class=\"goback\" href=\"https:\/\/venfilter.es\/sectores\/\"><i class=\"icon-font-icn-prev\"><\/i>\n                        Sectores<\/a>\n                    <h1 class=\"cont--title\"><\/h1>\n                    <h2 class=\"cont--subtitle\">Garantimos a sa\u00fade e o conforto em espa\u00e7os p\u00fablicos e comerciais<\/h2>\n                <\/div>\n                                \n\n<div class=\"wp-block-columns no-margin-bottom is-layout-flex wp-container-core-columns-is-layout-9d6595d7 wp-block-columns-is-layout-flex\">\n<div class=\"wp-block-column is-layout-flow wp-block-column-is-layout-flow\"><\/div>\n<\/div>\n\n\n\n<div class=\"wp-block-columns is-layout-flex wp-container-core-columns-is-layout-9d6595d7 wp-block-columns-is-layout-flex\">\n<div class=\"wp-block-column is-layout-flow wp-block-column-is-layout-flow\">\n<p><span style=\"color: #134721;font-size: 1.25rem;font-weight: bold;\">Produtos Venfilter Safety Spaces para a ventila\u00e7\u00e3o e climatiza\u00e7\u00e3o em espa\u00e7os p\u00fablicos e comerciais<\/span><\/p>\n\n\n\n<p class=\"text-featured\">Oferecemos uma ampla gama de produtos certificados e adequados para utiliza\u00e7\u00e3o em ambientes p\u00fablicos e comerciais.<\/p>\n<\/div>\n\n\n\n<div class=\"wp-block-column is-layout-flow wp-block-column-is-layout-flow\"><\/div>\n<\/div>\n\n\n            <\/div>\n        <\/div>\n\n                <div class=\"column\">\n                                <img decoding=\"async\" class=\"image\" src=\"https:\/\/venfilter.es\/wp-content\/uploads\/img-espaciospublicos-01-2.jpg\"\n            alt=\"\">\n            <\/div>\n    <\/div>\n<\/div>\n\n\n<div class=\"block-column dos\"\n    style=\"min-height: 100px;background-color:#fbfbfb;\">\n    <div class=\"columns right\">\n        <div class=\"column column-content \">\n            <div>\n                                \n\n<h2 class=\"wp-block-heading h1\">Zonas cr\u00edticas<\/h2>\n\n\n\n<p>Nos espa\u00e7os p\u00fablicos (como escrit\u00f3rios, restaurantes e centros comerciais, aeroportos, escolas, gin\u00e1sios, etc.), a qualidade do ar interior pode afetar tanto a sa\u00fade dos indiv\u00edduos como a dos neg\u00f3cios. Contudo, a m\u00e1 qualidade do ar tamb\u00e9m tem um impacto negativo na disposi\u00e7\u00e3o dos clientes.<\/p>\n\n\n\n<p>A conce\u00e7\u00e3o e constru\u00e7\u00e3o destes espa\u00e7os p\u00fablicos devem ser efetuadas de modo a assegurar o controlo das part\u00edculas indesejadas no ar e a redu\u00e7\u00e3o ou minimiza\u00e7\u00e3o dos efeitos adversos na sa\u00fade e conforto humano. Este objetivo pode ser alcan\u00e7ado atrav\u00e9s do tratamento, transporte, filtra\u00e7\u00e3o e impuls\u00e3o de ar, o que garante um elevado n\u00edvel de limpeza dos poluentes.&nbsp;<\/p>\n\n\n\n<p><strong style=\"font-size: 1.25rem; line-height: 1.25; color: #003a76;\">\u00c1reas que necessitam de adapta\u00e7\u00e3o de modo a reduzir e evitar a contamina\u00e7\u00e3o microbiol\u00f3gica:<\/strong><\/p>\n\n\n\n<ul class=\"wp-block-list\">\n<li><span class=\"tadv-color\" style=\"color:#000000\"><span class=\"underline\" style=\"text-decoration: underline\">Centros comerciais e grandes superf\u00edcies<\/span>, onde os poluentes se infiltram atrav\u00e9s do tr\u00e1fego de clientes, do reabastecimento e mesmo at\u00e9 atrav\u00e9s de limpezas profundas.<\/span><\/li>\n\n\n\n<li><span class=\"tadv-color\" style=\"color:#000000\"><span class=\"underline\" style=\"text-decoration: underline\">Gin\u00e1sios e espa\u00e7os destinados \u00e0 pr\u00e1tica de exerc\u00edcio f\u00edsico<\/span>, onde a atividade gera part\u00edculas e odores.<\/span><\/li>\n\n\n\n<li><span class=\"tadv-color\" style=\"color:#000000\"><span class=\"underline\" style=\"text-decoration: underline\">Cinemas, teatros, museus e locais de grande capacidade<\/span>, onde o ar contaminado pode transmitir doen\u00e7as.<\/span><\/li>\n\n\n\n<li><span class=\"tadv-color\" style=\"color:#000000\"><span class=\"underline\" style=\"text-decoration: underline\">Restaurantes<\/span>, onde os odores e part\u00edculas na prepara\u00e7\u00e3o de alimentos devem ser controlados, bem como a possibilidade da sua contamina\u00e7\u00e3o.<\/span><\/li>\n\n\n\n<li><span class=\"tadv-color\" style=\"color:#000000\"><span class=\"underline\" style=\"text-decoration: underline\">Escolas e escrit\u00f3rios<\/span>, onde os espa\u00e7os poder\u00e3o vir a ser ocupados por centenas de pessoas, em que o conforto, a sa\u00fade e a produtividade devem ser assegurados.<\/span><\/li>\n<\/ul>\n\n\n            <\/div>\n        <\/div>\n\n                <div class=\"column\">\n                                <img decoding=\"async\" class=\"image\" src=\"https:\/\/venfilter.es\/wp-content\/uploads\/img-espaciospublicos-02.jpg\"\n            alt=\"\">\n            <\/div>\n    <\/div>\n<\/div>\n\n<div class=\"block-valores\">\n    <h2 class=\"title-h1\">Aplica\u00e7\u00f5es<\/h2>\n        <p>A nossa gama de produtos Venfilter Safety Spaces foi desenvolvida para as seguintes aplica\u00e7\u00f5es:<\/p>\n        <div class=\"slick-valores num-slides-cuatro \">\n                <div class=\"item-valor overlay__button\">\n            <div class=\"imagen\">\n                <img decoding=\"async\" src=\"https:\/\/venfilter.es\/wp-content\/uploads\/Oficinas.png\" alt=\"\" \/>\n            <\/div>\n            <h4>Escrit\u00f3rios<\/h4>\n            <div class=\"cont__view-more\">\n                Ver m\u00e1s            <\/div>\n            <div class=\"overlay__content\">\n                <p><p><span style=\"font-size: 36pt; color: #00589b;\">Escrit\u00f3rios<\/span><\/p>\n<p>Uma grande parte da popula\u00e7\u00e3o ativa passa mais de 8 horas por dia no seu local de trabalho ou escrit\u00f3rio. \u00c9 por isso que a ventila\u00e7\u00e3o nestes espa\u00e7os \u00e9 t\u00e3o importante.<\/p>\n<p>Os edif\u00edcios modernos est\u00e3o a tornar-se cada vez mais herm\u00e9ticos, o que representa um problema no que diz respeito \u00e0 qualidade do ar. Al\u00e9m disso, se os filtros n\u00e3o forem substitu\u00eddos corretamente, os poluentes como o p\u00f3, o p\u00f3len, as bact\u00e9rias&#8230; ficam retidos no interior do edif\u00edcio.<\/p>\n<p><span style=\"color: #00589b; font-size: 14pt;\"><em>Sabia que&#8230;? Somos 25% menos produtivos quando a qualidade do ar \u00e9 m\u00e1.<\/em><\/span><\/p>\n<p><img loading=\"lazy\" decoding=\"async\" class=\"alignnone wp-image-43645 size-full\" src=\"https:\/\/venfilter.es\/wp-content\/uploads\/oficina.png\" alt=\"\" width=\"1920\" height=\"600\" srcset=\"https:\/\/venfilter.es\/wp-content\/uploads\/oficina.png 1920w, https:\/\/venfilter.es\/wp-content\/uploads\/oficina-300x94.png 300w, https:\/\/venfilter.es\/wp-content\/uploads\/oficina-1024x320.png 1024w, https:\/\/venfilter.es\/wp-content\/uploads\/oficina-768x240.png 768w, https:\/\/venfilter.es\/wp-content\/uploads\/oficina-1536x480.png 1536w, https:\/\/venfilter.es\/wp-content\/uploads\/oficina-600x188.png 600w\" sizes=\"auto, (max-width: 1920px) 100vw, 1920px\" \/><\/p>\n<p><span style=\"font-size: 14pt;\"><strong><span style=\"color: #3fa7d2;\">Poluentes em escrit\u00f3rios e suas origens<\/span><\/strong><\/span><\/p>\n<p>Existe um desafio quando se trata de encontrar a origem da m\u00e1 qualidade do ar, porque n\u00e3o existe uma f\u00f3rmula fechada e perfeita que nos diga a que se devem os sintomas que podemos ter. A polui\u00e7\u00e3o num escrit\u00f3rio pode ser causada por diferentes fontes:<\/p>\n<ul>\n<li>Os alerg\u00e9nios, como o p\u00f3len e o p\u00f3, podem agravar sintomas como a tosse.<\/li>\n<li>Mon\u00f3xido de carbono e di\u00f3xido de azoto NO2.<\/li>\n<li>Humidade que pode causar bact\u00e9rias ou bolor.<\/li>\n<li>Subst\u00e2ncias t\u00f3xicas de produtos de limpeza e tintas que podem causar dores de cabe\u00e7a.<\/li>\n<li>Rad\u00e3o e amianto.<\/li>\n<\/ul>\n<p><span style=\"color: #3fa7d2;\"><span style=\"font-size: 18.6667px;\"><b> Como \u00e9 que a qualidade do ar nos escrit\u00f3rios pode ser regulada?\u00a0<\/b><\/span><\/span><\/p>\n<p>Embora possa parecer dif\u00edcil determinar se a qualidade do ar \u00e9 boa ou m\u00e1, existem certas normas que, se forem seguidas, mant\u00eam uma qualidade \u00f3ptima do ar.<\/p>\n<ul>\n<li><a href=\"https:\/\/www.boe.es\/buscar\/act.php?id=BOE-A-1997-8669\">Real Decreto 486\/1997 sobre Lugares de Trabajo<\/a><\/li>\n<li><a href=\"https:\/\/www.insst.es\/materias\/riesgos\/riesgos-ergonomicos\/calidad-del-ambiente-interior\">Norma UNE 171330 Norma UNE-EN 15251<\/a><\/li>\n<li><a href=\"https:\/\/www.une.org\/encuentra-tu-norma\/busca-tu-norma\/norma?c=N0041177\">Norma UNE-EN 13779<\/a><\/li>\n<\/ul>\n<p>Para al\u00e9m destes regulamentos, existem tamb\u00e9m condi\u00e7\u00f5es ambientais que facilitam a boa qualidade do ar, tal como estabelecido no Decreto Real 486\/1997 relativo aos locais de trabalho.<\/p>\n<p>Para come\u00e7ar, a temperatura deve ser adaptada a determinados padr\u00f5es, dependendo do tipo de trabalho em que nos encontramos. A temperatura afecta a qualidade do ar, uma vez que pode favorecer a volatilidade de certos compostos. Se se tratar de um trabalho sedent\u00e1rio, ou seja, um escrit\u00f3rio, por exemplo, a temperatura deve situar-se entre 17 e 27 \u00b0C. Em contrapartida, nos trabalhos mais leves, a temperatura deve situar-se entre 14 e 25 \u00b0C.<\/p>\n<p>Existe tamb\u00e9m uma renova\u00e7\u00e3o m\u00ednima do ar nos locais de trabalho. Nos escrit\u00f3rios, espa\u00e7os que podem ser considerados sedent\u00e1rios, devem ser renovados 30 m3\/hora.<\/p>\n<p><img loading=\"lazy\" decoding=\"async\" class=\"alignnone wp-image-43649 size-full\" src=\"https:\/\/venfilter.es\/wp-content\/uploads\/oficina-2.png\" alt=\"\" width=\"1920\" height=\"600\" srcset=\"https:\/\/venfilter.es\/wp-content\/uploads\/oficina-2.png 1920w, https:\/\/venfilter.es\/wp-content\/uploads\/oficina-2-300x94.png 300w, https:\/\/venfilter.es\/wp-content\/uploads\/oficina-2-1024x320.png 1024w, https:\/\/venfilter.es\/wp-content\/uploads\/oficina-2-768x240.png 768w, https:\/\/venfilter.es\/wp-content\/uploads\/oficina-2-1536x480.png 1536w, https:\/\/venfilter.es\/wp-content\/uploads\/oficina-2-600x188.png 600w\" sizes=\"auto, (max-width: 1920px) 100vw, 1920px\" \/><\/p>\n<p><span style=\"font-size: 14pt;\"><strong><span style=\"color: #3fa7d2;\">Uma boa qualidade do ar interior permite&#8230;<\/span><\/strong><\/span><\/p>\n<ul>\n<li>Melhorar a concentra\u00e7\u00e3o<\/li>\n<li>Aumentar a produtividade<\/li>\n<li>Diminuir o absentismo por doen\u00e7a<\/li>\n<li>Melhorar a qualidade de vida dos trabalhadores<\/li>\n<li>Eliminar os sintomas de doen\u00e7a nos edif\u00edcios<\/li>\n<li>Aumentar a sustentabilidade e reduzir o consumo<\/li>\n<li><img loading=\"lazy\" decoding=\"async\" class=\"alignnone wp-image-43653 size-full\" src=\"https:\/\/venfilter.es\/wp-content\/uploads\/oficina-1.png\" alt=\"\" width=\"1920\" height=\"600\" srcset=\"https:\/\/venfilter.es\/wp-content\/uploads\/oficina-1.png 1920w, https:\/\/venfilter.es\/wp-content\/uploads\/oficina-1-300x94.png 300w, https:\/\/venfilter.es\/wp-content\/uploads\/oficina-1-1024x320.png 1024w, https:\/\/venfilter.es\/wp-content\/uploads\/oficina-1-768x240.png 768w, https:\/\/venfilter.es\/wp-content\/uploads\/oficina-1-1536x480.png 1536w, https:\/\/venfilter.es\/wp-content\/uploads\/oficina-1-600x188.png 600w\" sizes=\"auto, (max-width: 1920px) 100vw, 1920px\" \/><\/li>\n<\/ul>\n<p><span style=\"color: #3fa7d2;\">Na Venfilter, fornecemos solu\u00e7\u00f5es de filtragem certificadas para manter uma boa qualidade do ar nos escrit\u00f3rios, para melhorar o desempenho dos trabalhadores e reduzir os custos de energia e manuten\u00e7\u00e3o.<\/span><\/p>\n<\/p>\n            <\/div>\n        <\/div>\n                <div class=\"item-valor overlay__button\">\n            <div class=\"imagen\">\n                <img decoding=\"async\" src=\"https:\/\/venfilter.es\/wp-content\/uploads\/Restaurantes.png\" alt=\"\" \/>\n            <\/div>\n            <h4>Restaura\u00e7\u00e3o<\/h4>\n            <div class=\"cont__view-more\">\n                Ver m\u00e1s            <\/div>\n            <div class=\"overlay__content\">\n                <p><p><span style=\"font-size: 36pt; color: #00589b;\">Restaura\u00e7\u00e3o<\/span><\/p>\n<p>Na restaura\u00e7\u00e3o, a qualidade do ar \u00e9 essencial para evitar odores, inc\u00eandios e riscos de envenenamento, para poupar custos, para melhorar o conforto dos trabalhadores e para melhorar a experi\u00eancia do cliente. O ar ambiente \u00e9 igualmente importante para manter um elevado grau de higiene.<\/p>\n<p><img loading=\"lazy\" decoding=\"async\" class=\"alignnone wp-image-43670 size-full\" src=\"https:\/\/venfilter.es\/wp-content\/uploads\/restaurante-2.png\" alt=\"\" width=\"1920\" height=\"600\" srcset=\"https:\/\/venfilter.es\/wp-content\/uploads\/restaurante-2.png 1920w, https:\/\/venfilter.es\/wp-content\/uploads\/restaurante-2-300x94.png 300w, https:\/\/venfilter.es\/wp-content\/uploads\/restaurante-2-1024x320.png 1024w, https:\/\/venfilter.es\/wp-content\/uploads\/restaurante-2-768x240.png 768w, https:\/\/venfilter.es\/wp-content\/uploads\/restaurante-2-1536x480.png 1536w, https:\/\/venfilter.es\/wp-content\/uploads\/restaurante-2-600x188.png 600w\" sizes=\"auto, (max-width: 1920px) 100vw, 1920px\" \/><\/p>\n<p><strong><span style=\"font-size: 14pt;\"><span style=\"color: #3fa7d2;\">Factores que contribuem para a polui\u00e7\u00e3o dos restaurantes<\/span><\/span><\/strong><\/p>\n<p>Nas empresas de restaura\u00e7\u00e3o, h\u00e1 uma atividade fren\u00e9tica constante, dia ap\u00f3s dia, que tem um impacto direto nas condi\u00e7\u00f5es ambientais das instala\u00e7\u00f5es. Estas ac\u00e7\u00f5es incluem, por exemplo<\/p>\n<ul>\n<li>A chegada cont\u00ednua de clientes<\/li>\n<li>Os cheiros produzidos pelos alimentos<\/li>\n<li>O calor e o fumo das m\u00e1quinas constipa\u00e7\u00f5es e problemas de sa\u00fade contagiosos<\/li>\n<li>Derrame de subst\u00e2ncias<\/li>\n<li>A utiliza\u00e7\u00e3o de produtos de limpeza<\/li>\n<li>A entrada de ar exterior e dos seus poluentes<\/li>\n<\/ul>\n<p><span style=\"color: #3fa7d2;\"><strong><span style=\"font-size: 14pt;\">A import\u00e2ncia de um bom sistema de filtragem nas cozinhas<\/span><\/strong><\/span><\/p>\n<p>Um bom sistema de filtragem em cozinhas evitar\u00e1 a contamina\u00e7\u00e3o, a transfer\u00eancia de alerg\u00e9nios, a filtragem de fumos de cozinha&#8230;<\/p>\n<p>Nas cozinhas, \u00e9 necess\u00e1rio um sistema \u00f3timo de extra\u00e7\u00e3o e fornecimento de ar para regular as altas temperaturas, extrair o fumo e a n\u00e9voa de \u00f3leo. Al\u00e9m disso, um bom tratamento do ar \u00e9 vital para evitar inc\u00eandios, riscos de pragas, condutas anti-higi\u00e9nicas e odores.<\/p>\n<p><img loading=\"lazy\" decoding=\"async\" class=\"alignnone wp-image-43666 size-full\" src=\"https:\/\/venfilter.es\/wp-content\/uploads\/restaurante-1.png\" alt=\"\" width=\"1920\" height=\"600\" srcset=\"https:\/\/venfilter.es\/wp-content\/uploads\/restaurante-1.png 1920w, https:\/\/venfilter.es\/wp-content\/uploads\/restaurante-1-300x94.png 300w, https:\/\/venfilter.es\/wp-content\/uploads\/restaurante-1-1024x320.png 1024w, https:\/\/venfilter.es\/wp-content\/uploads\/restaurante-1-768x240.png 768w, https:\/\/venfilter.es\/wp-content\/uploads\/restaurante-1-1536x480.png 1536w, https:\/\/venfilter.es\/wp-content\/uploads\/restaurante-1-600x188.png 600w\" sizes=\"auto, (max-width: 1920px) 100vw, 1920px\" \/><\/p>\n<\/p>\n            <\/div>\n        <\/div>\n                <div class=\"item-valor overlay__button\">\n            <div class=\"imagen\">\n                <img decoding=\"async\" src=\"https:\/\/venfilter.es\/wp-content\/uploads\/Centros-de-ensenanza.png\" alt=\"\" \/>\n            <\/div>\n            <h4>Estabelecimentos de ensino<\/h4>\n            <div class=\"cont__view-more\">\n                Ver m\u00e1s            <\/div>\n            <div class=\"overlay__content\">\n                <p><p><span style=\"font-size: 36pt; color: #00589b;\">Estabelecimentos de ensino<\/span><\/p>\n<p>Para o bom desenvolvimento f\u00edsico e mental dos estudantes, \u00e9 de import\u00e2ncia vital manter o ar que respiram nas melhores condi\u00e7\u00f5es. A boa qualidade do ar nas escolas \u00e9 essencial para o \u00eaxito dos estudos.<\/p>\n<p><span style=\"color: #3fa7d2;\">\u00a0As crian\u00e7as s\u00e3o o nosso futuro e temos de cuidar delas, controlando e tratando o ar que respiram.<\/span><\/p>\n<p><span style=\"font-size: 14pt; color: #3fa7d2;\"><strong>Espa\u00e7os no sector<\/strong><\/span><\/p>\n<p>Nos centros educativos, encontramos espa\u00e7os muito diferentes com necessidades de filtragem muito espec\u00edficas. A filtragem de ar que ser\u00e1 necess\u00e1ria numa oficina de carpintaria n\u00e3o ser\u00e1 a mesma que ser\u00e1 necess\u00e1ria nos balne\u00e1rios ou nas salas de aula.<\/p>\n<table style=\"border-collapse: collapse; width: 100%; height: 137px;\">\n<tbody>\n<tr style=\"height: 137px;\">\n<td style=\"width: 50%; height: 137px;\">\n<ul>\n<li>Salas de aula \/ corredores \/ escrit\u00f3rios<\/li>\n<li>Centros desportivos \/ Gin\u00e1sios<\/li>\n<li>Bibliotecas<\/li>\n<\/ul>\n<\/td>\n<td style=\"width: 50%; height: 137px;\">\n<ul>\n<li>Sala de reuni\u00f5es<\/li>\n<li>Cafetaria \/ Sala de jantar<\/li>\n<li>Zonas especiais como piscinas, laborat\u00f3rios&#8230;<\/li>\n<\/ul>\n<\/td>\n<\/tr>\n<\/tbody>\n<\/table>\n<p><img loading=\"lazy\" decoding=\"async\" class=\"alignnone wp-image-43688 size-full\" src=\"https:\/\/venfilter.es\/wp-content\/uploads\/cole-collage.png\" alt=\"\" width=\"1920\" height=\"600\" srcset=\"https:\/\/venfilter.es\/wp-content\/uploads\/cole-collage.png 1920w, https:\/\/venfilter.es\/wp-content\/uploads\/cole-collage-300x94.png 300w, https:\/\/venfilter.es\/wp-content\/uploads\/cole-collage-1024x320.png 1024w, https:\/\/venfilter.es\/wp-content\/uploads\/cole-collage-768x240.png 768w, https:\/\/venfilter.es\/wp-content\/uploads\/cole-collage-1536x480.png 1536w, https:\/\/venfilter.es\/wp-content\/uploads\/cole-collage-600x188.png 600w\" sizes=\"auto, (max-width: 1920px) 100vw, 1920px\" \/><\/p>\n<p><strong><span style=\"color: #3fa7d2; font-size: 14pt;\">Desafios na conce\u00e7\u00e3o de um bom sistema de filtragem<\/span><\/strong><\/p>\n<p>Como j\u00e1 foi referido, um dos principais desafios quando se considera um sistema de filtragem para um estabelecimento de ensino \u00e9 a diversidade de espa\u00e7os que existem no mesmo local. Al\u00e9m disso, outro desafio para as escolas e especialmente para as universidades \u00e9 a idade dos edif\u00edcios.<\/p>\n<p>Al\u00e9m disso, as escolas est\u00e3o muitas vezes localizadas em zonas onde muitas pessoas as podem alcan\u00e7ar. No entanto, isto significa que o ar que entra nestes espa\u00e7os pode conter uma grande variedade de poluentes provenientes de actividades como o tr\u00e1fego.<\/p>\n<p>Na Venfilter, compreendemos que num centro educativo existem diferentes desafios para conseguir um bom sistema de filtragem. \u00c9 por isso que as nossas solu\u00e7\u00f5es se adaptam \u00e0s suas necessidades em qualquer altura.<\/p>\n<p><strong><span style=\"color: #3fa7d2; font-size: 14pt;\">Poluentes no interior das escolas e suas origens<\/span><\/strong><\/p>\n<p>Nas escolas, devido \u00e0 sua localiza\u00e7\u00e3o, \u00e0s actividades desenvolvidas no interior da escola, etc., s\u00e3o encontrados poluentes muito diferentes.<\/p>\n<p>A maior parte do ar polu\u00eddo que se encontra nos centros educativos tem a sua origem no ar exterior. Os gases gerados pelo tr\u00e1fego, o p\u00f3len&#8230; fazem com que o ar interior seja muito polu\u00eddo.<\/p>\n<p>Al\u00e9m disso, os produtos de limpeza podem conter compostos qu\u00edmicos libertados para o ar, tal como as tintas de parede ou o mobili\u00e1rio. Outros poluentes que podem ser encontrados nas escolas s\u00e3o o amianto, as part\u00edculas elementares, as fibras manufacturadas, entre outros.<\/p>\n<p><img loading=\"lazy\" decoding=\"async\" class=\"alignnone wp-image-43692 size-full\" src=\"https:\/\/venfilter.es\/wp-content\/uploads\/cole-collage-1.png\" alt=\"\" width=\"1920\" height=\"600\" srcset=\"https:\/\/venfilter.es\/wp-content\/uploads\/cole-collage-1.png 1920w, https:\/\/venfilter.es\/wp-content\/uploads\/cole-collage-1-300x94.png 300w, https:\/\/venfilter.es\/wp-content\/uploads\/cole-collage-1-1024x320.png 1024w, https:\/\/venfilter.es\/wp-content\/uploads\/cole-collage-1-768x240.png 768w, https:\/\/venfilter.es\/wp-content\/uploads\/cole-collage-1-1536x480.png 1536w, https:\/\/venfilter.es\/wp-content\/uploads\/cole-collage-1-600x188.png 600w\" sizes=\"auto, (max-width: 1920px) 100vw, 1920px\" \/><\/p>\n<p><strong><span style=\"color: #3fa7d2; font-size: 14pt;\">Vantagens da boa qualidade do ar nas escolas<\/span><\/strong><\/p>\n<p>A boa qualidade do ar nas escolas n\u00e3o s\u00f3 melhora o desempenho acad\u00e9mico, como tamb\u00e9m ajuda os alunos a crescerem saud\u00e1veis e melhora os custos ao aumentar a efici\u00eancia energ\u00e9tica.<\/p>\n<ul>\n<li>Melhora os sintomas de alergias ambientais ou asma<\/li>\n<li>Melhora o desempenho acad\u00e9mico e cognitivo<\/li>\n<li>Contribui para o desenvolvimento das crian\u00e7as<\/li>\n<li>Protege a sa\u00fade dos professores e dos alunos, reduzindo as baixas por doen\u00e7a ou as faltas.<\/li>\n<li>Evita problemas legais e de responsabilidade civil<\/li>\n<li>Redu\u00e7\u00e3o dos custos de energia devido \u00e0 efici\u00eancia energ\u00e9tica.<\/li>\n<li>Redu\u00e7\u00e3o dos custos de manuten\u00e7\u00e3o devido \u00e0 menor deteriora\u00e7\u00e3o do edif\u00edcio.<\/li>\n<li><img loading=\"lazy\" decoding=\"async\" class=\"alignnone wp-image-47581 size-full\" src=\"https:\/\/venfilter.es\/wp-content\/uploads\/cole-3-2.png\" alt=\"\" width=\"1920\" height=\"600\" srcset=\"https:\/\/venfilter.es\/wp-content\/uploads\/cole-3-2.png 1920w, https:\/\/venfilter.es\/wp-content\/uploads\/cole-3-2-300x94.png 300w, https:\/\/venfilter.es\/wp-content\/uploads\/cole-3-2-1024x320.png 1024w, https:\/\/venfilter.es\/wp-content\/uploads\/cole-3-2-768x240.png 768w, https:\/\/venfilter.es\/wp-content\/uploads\/cole-3-2-1536x480.png 1536w, https:\/\/venfilter.es\/wp-content\/uploads\/cole-3-2-600x188.png 600w\" sizes=\"auto, (max-width: 1920px) 100vw, 1920px\" \/><\/li>\n<\/ul>\n<\/p>\n            <\/div>\n        <\/div>\n                <div class=\"item-valor overlay__button\">\n            <div class=\"imagen\">\n                <img decoding=\"async\" src=\"https:\/\/venfilter.es\/wp-content\/uploads\/abuelos.png\" alt=\"\" \/>\n            <\/div>\n            <h4>Lares para idosos<\/h4>\n            <div class=\"cont__view-more\">\n                Ver m\u00e1s            <\/div>\n            <div class=\"overlay__content\">\n                <p><p><span style=\"font-size: 36pt; color: #00589b;\">Lares para idosos<\/span><\/p>\n<p>A tend\u00eancia populacional dos tempos modernos \u00e9 para o envelhecimento da popula\u00e7\u00e3o. Isto pode dever-se a um aumento da esperan\u00e7a de vida, a uma redu\u00e7\u00e3o da natalidade, a mudan\u00e7as culturais&#8230; Por esta raz\u00e3o, cada vez mais pessoas optam por recorrer a centros de dia ou a lares de terceira idade.<\/p>\n<p><img loading=\"lazy\" decoding=\"async\" class=\"alignnone wp-image-44121 size-full\" src=\"https:\/\/venfilter.es\/wp-content\/uploads\/IMAGEN-INTERIOR-SUBSECTORES-31.png\" alt=\"\" width=\"1920\" height=\"600\" srcset=\"https:\/\/venfilter.es\/wp-content\/uploads\/IMAGEN-INTERIOR-SUBSECTORES-31.png 1920w, https:\/\/venfilter.es\/wp-content\/uploads\/IMAGEN-INTERIOR-SUBSECTORES-31-300x94.png 300w, https:\/\/venfilter.es\/wp-content\/uploads\/IMAGEN-INTERIOR-SUBSECTORES-31-1024x320.png 1024w, https:\/\/venfilter.es\/wp-content\/uploads\/IMAGEN-INTERIOR-SUBSECTORES-31-768x240.png 768w, https:\/\/venfilter.es\/wp-content\/uploads\/IMAGEN-INTERIOR-SUBSECTORES-31-1536x480.png 1536w, https:\/\/venfilter.es\/wp-content\/uploads\/IMAGEN-INTERIOR-SUBSECTORES-31-600x188.png 600w\" sizes=\"auto, (max-width: 1920px) 100vw, 1920px\" \/><\/p>\n<p><strong><span style=\"color: #3fa7d2; font-size: 14pt;\">Uma popula\u00e7\u00e3o em risco m\u00e1ximo<\/span><\/strong><\/p>\n<p>Os idosos s\u00e3o um grupo de pessoas mais vulner\u00e1veis porque t\u00eam um sistema imunit\u00e1rio mais fraco. As doen\u00e7as como a gripe, as alergias&#8230; afectam-nos muito mais.<\/p>\n<p><strong><span style=\"color: #3fa7d2; font-size: 14pt;\">A boa qualidade do ar \u00e9 um imperativo<\/span><\/strong><\/p>\n<p>A qualidade do ar interior tem um grande impacto na sa\u00fade dos residentes, mas tamb\u00e9m do pessoal e dos visitantes.<\/p>\n<p>A m\u00e1 qualidade do ar pode agravar os problemas respirat\u00f3rios, como as alergias, e levar a problemas maiores devido \u00e0 imunodefici\u00eancia. Al\u00e9m disso, tamb\u00e9m pode causar dores de cabe\u00e7a, fadiga&#8230;<\/p>\n<p><img loading=\"lazy\" decoding=\"async\" class=\"alignnone wp-image-44125 size-full\" src=\"https:\/\/venfilter.es\/wp-content\/uploads\/IMAGEN-INTERIOR-SUBSECTORES-32.png\" alt=\"\" width=\"1920\" height=\"600\" srcset=\"https:\/\/venfilter.es\/wp-content\/uploads\/IMAGEN-INTERIOR-SUBSECTORES-32.png 1920w, https:\/\/venfilter.es\/wp-content\/uploads\/IMAGEN-INTERIOR-SUBSECTORES-32-300x94.png 300w, https:\/\/venfilter.es\/wp-content\/uploads\/IMAGEN-INTERIOR-SUBSECTORES-32-1024x320.png 1024w, https:\/\/venfilter.es\/wp-content\/uploads\/IMAGEN-INTERIOR-SUBSECTORES-32-768x240.png 768w, https:\/\/venfilter.es\/wp-content\/uploads\/IMAGEN-INTERIOR-SUBSECTORES-32-1536x480.png 1536w, https:\/\/venfilter.es\/wp-content\/uploads\/IMAGEN-INTERIOR-SUBSECTORES-32-600x188.png 600w\" sizes=\"auto, (max-width: 1920px) 100vw, 1920px\" \/><\/p>\n<p><span style=\"font-size: 14pt; color: #3fa7d2;\"><strong>Porque \u00e9 que uma boa filtragem do ar \u00e9 importante?<\/strong><\/span><\/p>\n<p>\u00c9 essencial dispor de sistemas de ventila\u00e7\u00e3o adequados nas instala\u00e7\u00f5es residenciais. Os sistemas de ventila\u00e7\u00e3o devem proporcionar um fornecimento adequado de ar fresco e a remo\u00e7\u00e3o do ar viciado. Idealmente, devem cumprir as normas de qualidade do ar interior e ser capazes de filtrar part\u00edculas e poluentes.<\/p>\n<p>Os sistemas de ventila\u00e7\u00e3o devem estar equipados com filtros de ar eficientes. Os filtros de alta qualidade podem ajudar a capturar part\u00edculas finas, alerg\u00e9nios, poeiras e outros contaminantes transportados pelo ar. Os filtros devem ser mantidos limpos e substitu\u00eddos regularmente para garantir a sua efic\u00e1cia.<\/p>\n<p><img loading=\"lazy\" decoding=\"async\" class=\"alignnone wp-image-44129 size-full\" src=\"https:\/\/venfilter.es\/wp-content\/uploads\/IMAGEN-INTERIOR-SUBSECTORES-33.png\" alt=\"\" width=\"1920\" height=\"600\" srcset=\"https:\/\/venfilter.es\/wp-content\/uploads\/IMAGEN-INTERIOR-SUBSECTORES-33.png 1920w, https:\/\/venfilter.es\/wp-content\/uploads\/IMAGEN-INTERIOR-SUBSECTORES-33-300x94.png 300w, https:\/\/venfilter.es\/wp-content\/uploads\/IMAGEN-INTERIOR-SUBSECTORES-33-1024x320.png 1024w, https:\/\/venfilter.es\/wp-content\/uploads\/IMAGEN-INTERIOR-SUBSECTORES-33-768x240.png 768w, https:\/\/venfilter.es\/wp-content\/uploads\/IMAGEN-INTERIOR-SUBSECTORES-33-1536x480.png 1536w, https:\/\/venfilter.es\/wp-content\/uploads\/IMAGEN-INTERIOR-SUBSECTORES-33-600x188.png 600w\" sizes=\"auto, (max-width: 1920px) 100vw, 1920px\" \/><\/p>\n<p><strong><span style=\"font-size: 14pt; color: #3fa7d2;\">Controlo da humidade com filtragem do ar<\/span><\/strong><\/p>\n<p>\u00c9 essencial manter n\u00edveis adequados de humidade no ambiente. Uma humidade excessiva pode favorecer o crescimento de bolores e \u00e1caros, enquanto uma humidade insuficiente pode causar secura nas vias respirat\u00f3rias. A monitoriza\u00e7\u00e3o e a regula\u00e7\u00e3o dos n\u00edveis de humidade podem contribuir para um ambiente mais saud\u00e1vel.<\/p>\n<p><img loading=\"lazy\" decoding=\"async\" class=\"alignnone wp-image-44133 size-full\" src=\"https:\/\/venfilter.es\/wp-content\/uploads\/IMAGEN-INTERIOR-SUBSECTORES-34.png\" alt=\"\" width=\"1920\" height=\"600\" srcset=\"https:\/\/venfilter.es\/wp-content\/uploads\/IMAGEN-INTERIOR-SUBSECTORES-34.png 1920w, https:\/\/venfilter.es\/wp-content\/uploads\/IMAGEN-INTERIOR-SUBSECTORES-34-300x94.png 300w, https:\/\/venfilter.es\/wp-content\/uploads\/IMAGEN-INTERIOR-SUBSECTORES-34-1024x320.png 1024w, https:\/\/venfilter.es\/wp-content\/uploads\/IMAGEN-INTERIOR-SUBSECTORES-34-768x240.png 768w, https:\/\/venfilter.es\/wp-content\/uploads\/IMAGEN-INTERIOR-SUBSECTORES-34-1536x480.png 1536w, https:\/\/venfilter.es\/wp-content\/uploads\/IMAGEN-INTERIOR-SUBSECTORES-34-600x188.png 600w\" sizes=\"auto, (max-width: 1920px) 100vw, 1920px\" \/><\/p>\n<\/p>\n            <\/div>\n        <\/div>\n                <div class=\"item-valor overlay__button\">\n            <div class=\"imagen\">\n                <img decoding=\"async\" src=\"https:\/\/venfilter.es\/wp-content\/uploads\/Mini-Hotel.png\" alt=\"\" \/>\n            <\/div>\n            <h4>Hot\u00e9is<\/h4>\n            <div class=\"cont__view-more\">\n                Ver m\u00e1s            <\/div>\n            <div class=\"overlay__content\">\n                <p><p><span style=\"font-size: 36pt; color: #00589b;\">Hot\u00e9is<\/span><\/p>\n<p>Quando chegamos a um hotel, seja em neg\u00f3cios ou em lazer, os h\u00f3spedes querem poder relaxar e descontrair.<\/p>\n<p>Este sector apresenta muitos desafios devido aos diferentes espa\u00e7os. A primeira fonte de polui\u00e7\u00e3o \u00e9 o fluxo constante de pessoas e objectos que geram part\u00edculas. Tamb\u00e9m os produtos de limpeza, a cozinha, os trabalhos de manuten\u00e7\u00e3o, etc. podem criar odores que se tornam inc\u00f3modos. Em alguns casos, a contamina\u00e7\u00e3o pode tamb\u00e9m ser causada por bolores ou bact\u00e9rias existentes no pr\u00f3prio edif\u00edcio.<\/p>\n<p>Al\u00e9m disso, para os h\u00f3spedes com alergias ou outras patologias respirat\u00f3rias, poder descansar num espa\u00e7o com ar purificado \u00e9 um al\u00edvio e ajuda-os a sentirem-se em casa e a come\u00e7arem o dia seguinte com energia.<\/p>\n<p><img loading=\"lazy\" decoding=\"async\" class=\"alignnone wp-image-47585 size-full\" src=\"https:\/\/venfilter.es\/wp-content\/uploads\/cole-3-3.png\" alt=\"\" width=\"1920\" height=\"600\" srcset=\"https:\/\/venfilter.es\/wp-content\/uploads\/cole-3-3.png 1920w, https:\/\/venfilter.es\/wp-content\/uploads\/cole-3-3-300x94.png 300w, https:\/\/venfilter.es\/wp-content\/uploads\/cole-3-3-1024x320.png 1024w, https:\/\/venfilter.es\/wp-content\/uploads\/cole-3-3-768x240.png 768w, https:\/\/venfilter.es\/wp-content\/uploads\/cole-3-3-1536x480.png 1536w, https:\/\/venfilter.es\/wp-content\/uploads\/cole-3-3-600x188.png 600w\" sizes=\"auto, (max-width: 1920px) 100vw, 1920px\" \/><\/p>\n<p><span style=\"font-size: 14pt;\"><strong><span style=\"color: #3fa7d2;\">\u00c1reas de risco em hot\u00e9is<\/span><\/strong><\/span><\/p>\n<table style=\"border-collapse: collapse; width: 100.059%;\">\n<tbody>\n<tr>\n<td style=\"width: 50%;\">\n<ul>\n<li>Vest\u00edbulo \/ Recepci\u00f3n<\/li>\n<li>Habitaciones<\/li>\n<li>Ba\u00f1o<\/li>\n<li>Zona de paso<\/li>\n<li>Zonas de restauraci\u00f3n<\/li>\n<li>Salas de conferencias<\/li>\n<\/ul>\n<\/td>\n<td style=\"width: 50.0588%;\">\n<ul>\n<li>Cocina<\/li>\n<li>Spa<\/li>\n<li>Aparcamientos<\/li>\n<li>Salas t\u00e9cnicas<\/li>\n<li>Espacios de ocio<\/li>\n<\/ul>\n<\/td>\n<\/tr>\n<\/tbody>\n<\/table>\n<p><img loading=\"lazy\" decoding=\"async\" class=\"alignnone wp-image-43707 size-full\" src=\"https:\/\/venfilter.es\/wp-content\/uploads\/IMAGEN-INTERIOR-SUBSECTORES-4.png\" alt=\"\" width=\"1920\" height=\"600\" srcset=\"https:\/\/venfilter.es\/wp-content\/uploads\/IMAGEN-INTERIOR-SUBSECTORES-4.png 1920w, https:\/\/venfilter.es\/wp-content\/uploads\/IMAGEN-INTERIOR-SUBSECTORES-4-300x94.png 300w, https:\/\/venfilter.es\/wp-content\/uploads\/IMAGEN-INTERIOR-SUBSECTORES-4-1024x320.png 1024w, https:\/\/venfilter.es\/wp-content\/uploads\/IMAGEN-INTERIOR-SUBSECTORES-4-768x240.png 768w, https:\/\/venfilter.es\/wp-content\/uploads\/IMAGEN-INTERIOR-SUBSECTORES-4-1536x480.png 1536w, https:\/\/venfilter.es\/wp-content\/uploads\/IMAGEN-INTERIOR-SUBSECTORES-4-600x188.png 600w\" sizes=\"auto, (max-width: 1920px) 100vw, 1920px\" \/><\/p>\n<\/p>\n            <\/div>\n        <\/div>\n                <div class=\"item-valor overlay__button\">\n            <div class=\"imagen\">\n                <img decoding=\"async\" src=\"https:\/\/venfilter.es\/wp-content\/uploads\/centro-comercial.png\" alt=\"\" \/>\n            <\/div>\n            <h4>Centros comerciais e grandes superf\u00edcies<\/h4>\n            <div class=\"cont__view-more\">\n                Ver m\u00e1s            <\/div>\n            <div class=\"overlay__content\">\n                <p><p><span style=\"font-size: 36pt; color: #00589b;\">Centros comerciais e grandes superf\u00edcies<\/span><\/p>\n<p>Nestes espa\u00e7os, onde o fluxo de pessoas \u00e9 muito constante, a filtragem do ar torna-se essencial. O nosso corpo liberta milhares de part\u00edculas. Por isso, \u00e9 importante manter o ar limpo, livre de v\u00edrus e bact\u00e9rias para criar \u00e1reas seguras e livres de cont\u00e1gio.<\/p>\n<p>Nos centros comerciais, muitos factores entram em jogo, pois podemos encontrar muitos estabelecimentos, como restaurantes, gin\u00e1sios, etc., que s\u00e3o afectados ou afectam a qualidade do ar do espa\u00e7o.<\/p>\n<p>Com as nossas solu\u00e7\u00f5es altamente eficazes e eficientes, pode manter os v\u00edrus, as bact\u00e9rias e os odores fora e os seus clientes dentro.<\/p>\n<p><img loading=\"lazy\" decoding=\"async\" class=\"alignnone wp-image-43714 size-full\" src=\"https:\/\/venfilter.es\/wp-content\/uploads\/IMAGEN-INTERIOR-SUBSECTORES-5.png\" alt=\"\" width=\"1920\" height=\"600\" srcset=\"https:\/\/venfilter.es\/wp-content\/uploads\/IMAGEN-INTERIOR-SUBSECTORES-5.png 1920w, https:\/\/venfilter.es\/wp-content\/uploads\/IMAGEN-INTERIOR-SUBSECTORES-5-300x94.png 300w, https:\/\/venfilter.es\/wp-content\/uploads\/IMAGEN-INTERIOR-SUBSECTORES-5-1024x320.png 1024w, https:\/\/venfilter.es\/wp-content\/uploads\/IMAGEN-INTERIOR-SUBSECTORES-5-768x240.png 768w, https:\/\/venfilter.es\/wp-content\/uploads\/IMAGEN-INTERIOR-SUBSECTORES-5-1536x480.png 1536w, https:\/\/venfilter.es\/wp-content\/uploads\/IMAGEN-INTERIOR-SUBSECTORES-5-600x188.png 600w\" sizes=\"auto, (max-width: 1920px) 100vw, 1920px\" \/><\/p>\n<p><strong><span style=\"color: #3fa7d2; font-size: 14pt;\">Espa\u00e7os no sector<\/span><\/strong><\/p>\n<table style=\"border-collapse: collapse; width: 100%;\">\n<tbody>\n<tr>\n<td style=\"width: 50%;\">\n<ul>\n<li>Instala\u00e7\u00f5es<\/li>\n<li>Grandes espa\u00e7os<\/li>\n<li>Centros comerciais e galerias comerciais<\/li>\n<li>Parques de estacionamento<\/li>\n<\/ul>\n<\/td>\n<td style=\"width: 50%;\">\n<ul>\n<li>\u00c1reas de recrea\u00e7\u00e3o e lazer<\/li>\n<li>Sal\u00f5es de beleza<\/li>\n<li>Restaurantes e bares<\/li>\n<li>Espa\u00e7os espec\u00edficos como casinos, gin\u00e1sios&#8230;<\/li>\n<\/ul>\n<\/td>\n<\/tr>\n<\/tbody>\n<\/table>\n<p><img loading=\"lazy\" decoding=\"async\" class=\"alignnone wp-image-43718 size-full\" src=\"https:\/\/venfilter.es\/wp-content\/uploads\/IMAGEN-INTERIOR-SUBSECTORES-6.png\" alt=\"\" width=\"1920\" height=\"600\" srcset=\"https:\/\/venfilter.es\/wp-content\/uploads\/IMAGEN-INTERIOR-SUBSECTORES-6.png 1920w, https:\/\/venfilter.es\/wp-content\/uploads\/IMAGEN-INTERIOR-SUBSECTORES-6-300x94.png 300w, https:\/\/venfilter.es\/wp-content\/uploads\/IMAGEN-INTERIOR-SUBSECTORES-6-1024x320.png 1024w, https:\/\/venfilter.es\/wp-content\/uploads\/IMAGEN-INTERIOR-SUBSECTORES-6-768x240.png 768w, https:\/\/venfilter.es\/wp-content\/uploads\/IMAGEN-INTERIOR-SUBSECTORES-6-1536x480.png 1536w, https:\/\/venfilter.es\/wp-content\/uploads\/IMAGEN-INTERIOR-SUBSECTORES-6-600x188.png 600w\" sizes=\"auto, (max-width: 1920px) 100vw, 1920px\" \/><\/p>\n<\/p>\n            <\/div>\n        <\/div>\n                <div class=\"item-valor overlay__button\">\n            <div class=\"imagen\">\n                <img decoding=\"async\" src=\"https:\/\/venfilter.es\/wp-content\/uploads\/Aeropuertos.png\" alt=\"\" \/>\n            <\/div>\n            <h4>Aeroportos<\/h4>\n            <div class=\"cont__view-more\">\n                Ver m\u00e1s            <\/div>\n            <div class=\"overlay__content\">\n                <p><p><span style=\"font-size: 36pt; color: #00589b;\">Aeropuertos<\/span><\/p>\n<p>Todos os aeroportos s\u00e3o importantes centros de tr\u00e2nsito e interterritoriais para pessoas e mercadorias. Por conseguinte, os aeroportos devem ser mantidos como zonas cr\u00edticas e seguras.<\/p>\n<p>Num mundo globalizado em que os v\u00edrus podem deslocar-se de um continente para outro numa quest\u00e3o de horas, os aeroportos s\u00e3o as zonas mais vulner\u00e1veis a estes cont\u00e1gios.<\/p>\n<p>Al\u00e9m disso, \u00e9 necess\u00e1rio manter uma boa qualidade do ar n\u00e3o s\u00f3 nas zonas de tr\u00e2nsito ou de viagem, mas tamb\u00e9m nos restaurantes e centros comerciais no interior do aeroporto. Al\u00e9m disso, nos centros de controlo dos aeroportos, os controladores a\u00e9reos devem estar nas melhores condi\u00e7\u00f5es para poderem realizar o seu trabalho em seguran\u00e7a para os viajantes.<\/p>\n<p><span style=\"color: #3fa7d2;\">50% do consumo de energia de um aeroporto \u00e9 gasto no aquecimento, arrefecimento e desloca\u00e7\u00e3o do ar. Por conseguinte, as solu\u00e7\u00f5es de filtragem molecular e de part\u00edculas eficientes em termos energ\u00e9ticos, como as solu\u00e7\u00f5es Venfilter, s\u00e3o importantes para poupar custos, prolongar a vida \u00fatil do equipamento e conservar as estruturas.<\/span><\/p>\n<p><img loading=\"lazy\" decoding=\"async\" class=\"alignnone wp-image-43726 size-full\" src=\"https:\/\/venfilter.es\/wp-content\/uploads\/IMAGEN-INTERIOR-SUBSECTORES-7.png\" alt=\"\" width=\"1920\" height=\"600\" srcset=\"https:\/\/venfilter.es\/wp-content\/uploads\/IMAGEN-INTERIOR-SUBSECTORES-7.png 1920w, https:\/\/venfilter.es\/wp-content\/uploads\/IMAGEN-INTERIOR-SUBSECTORES-7-300x94.png 300w, https:\/\/venfilter.es\/wp-content\/uploads\/IMAGEN-INTERIOR-SUBSECTORES-7-1024x320.png 1024w, https:\/\/venfilter.es\/wp-content\/uploads\/IMAGEN-INTERIOR-SUBSECTORES-7-768x240.png 768w, https:\/\/venfilter.es\/wp-content\/uploads\/IMAGEN-INTERIOR-SUBSECTORES-7-1536x480.png 1536w, https:\/\/venfilter.es\/wp-content\/uploads\/IMAGEN-INTERIOR-SUBSECTORES-7-600x188.png 600w\" sizes=\"auto, (max-width: 1920px) 100vw, 1920px\" \/><\/p>\n<p><strong><span style=\"font-size: 14pt;\"><span style=\"color: #3fa7d2;\">Causas da polui\u00e7\u00e3o nos aeroportos<\/span><\/span><\/strong><\/p>\n<ul>\n<li>Pessoas e suas bagagens<\/li>\n<li>Ve\u00edculos de transporte<\/li>\n<li>Fumos de escape de aeronaves<\/li>\n<li>Restaurantes e outros estabelecimentos<\/li>\n<li>Trabalhos de manuten\u00e7\u00e3o<\/li>\n<\/ul>\n<p><img loading=\"lazy\" decoding=\"async\" class=\"alignnone wp-image-43730 size-full\" src=\"https:\/\/venfilter.es\/wp-content\/uploads\/IMAGEN-INTERIOR-SUBSECTORES-8.png\" alt=\"\" width=\"1920\" height=\"600\" srcset=\"https:\/\/venfilter.es\/wp-content\/uploads\/IMAGEN-INTERIOR-SUBSECTORES-8.png 1920w, https:\/\/venfilter.es\/wp-content\/uploads\/IMAGEN-INTERIOR-SUBSECTORES-8-300x94.png 300w, https:\/\/venfilter.es\/wp-content\/uploads\/IMAGEN-INTERIOR-SUBSECTORES-8-1024x320.png 1024w, https:\/\/venfilter.es\/wp-content\/uploads\/IMAGEN-INTERIOR-SUBSECTORES-8-768x240.png 768w, https:\/\/venfilter.es\/wp-content\/uploads\/IMAGEN-INTERIOR-SUBSECTORES-8-1536x480.png 1536w, https:\/\/venfilter.es\/wp-content\/uploads\/IMAGEN-INTERIOR-SUBSECTORES-8-600x188.png 600w\" sizes=\"auto, (max-width: 1920px) 100vw, 1920px\" \/><\/p>\n<\/p>\n            <\/div>\n        <\/div>\n                <div class=\"item-valor overlay__button\">\n            <div class=\"imagen\">\n                <img decoding=\"async\" src=\"https:\/\/venfilter.es\/wp-content\/uploads\/Mini-Museo.png\" alt=\"\" \/>\n            <\/div>\n            <h4>Museus <\/h4>\n            <div class=\"cont__view-more\">\n                Ver m\u00e1s            <\/div>\n            <div class=\"overlay__content\">\n                <p><p><span style=\"color: #00589b; font-size: 36pt;\">Museus\u00a0<\/span><\/p>\n<p>Nos museus, \u00e9 necess\u00e1rio tratar o ar n\u00e3o s\u00f3 para a prote\u00e7\u00e3o das pessoas, mas tamb\u00e9m para a prote\u00e7\u00e3o das obras de arte ou das pe\u00e7as arqueol\u00f3gicas.<\/p>\n<p>Ambientes com poluentes \u00e1cidos, ou ambientes com part\u00edculas nocivas para pinturas, escritos, papiros ou obras delicadas, devem ser tratados com especial cuidado para que estas obras durem em condi\u00e7\u00f5es \u00f3ptimas.<\/p>\n<p><img loading=\"lazy\" decoding=\"async\" class=\"alignnone wp-image-43736 size-full\" src=\"https:\/\/venfilter.es\/wp-content\/uploads\/museo.png\" alt=\"\" width=\"1920\" height=\"600\" srcset=\"https:\/\/venfilter.es\/wp-content\/uploads\/museo.png 1920w, https:\/\/venfilter.es\/wp-content\/uploads\/museo-300x94.png 300w, https:\/\/venfilter.es\/wp-content\/uploads\/museo-1024x320.png 1024w, https:\/\/venfilter.es\/wp-content\/uploads\/museo-768x240.png 768w, https:\/\/venfilter.es\/wp-content\/uploads\/museo-1536x480.png 1536w, https:\/\/venfilter.es\/wp-content\/uploads\/museo-600x188.png 600w\" sizes=\"auto, (max-width: 1920px) 100vw, 1920px\" \/><\/p>\n<p><span style=\"font-size: 14pt;\"><strong><span style=\"color: #3fa7d2;\">Poluentes que afectam o estado das obras de arte<\/span><\/strong><\/span><\/p>\n<p>La<strong> humedad, la temperatura, el polvo, los gases<\/strong>&#8230; presentan un riesgo para las piezas expuestas. El polvo puede fomentar la decoloraci\u00f3n de las obras, los gases provocan da\u00f1os en fotograf\u00edas, piezas de m\u00e1rmol&#8230; Tambi\u00e9n, la temperatura y la humedad pueden acelerar el deterioro de las obras.<span style=\"color: #3fa7d2;\"> Por eso, la filtraci\u00f3n del aire es fundamental para el personal, los visitantes y las obras<\/span>.<\/p>\n<p><img loading=\"lazy\" decoding=\"async\" class=\"alignnone wp-image-43740 size-full\" src=\"https:\/\/venfilter.es\/wp-content\/uploads\/museo-1.png\" alt=\"\" width=\"1920\" height=\"600\" srcset=\"https:\/\/venfilter.es\/wp-content\/uploads\/museo-1.png 1920w, https:\/\/venfilter.es\/wp-content\/uploads\/museo-1-300x94.png 300w, https:\/\/venfilter.es\/wp-content\/uploads\/museo-1-1024x320.png 1024w, https:\/\/venfilter.es\/wp-content\/uploads\/museo-1-768x240.png 768w, https:\/\/venfilter.es\/wp-content\/uploads\/museo-1-1536x480.png 1536w, https:\/\/venfilter.es\/wp-content\/uploads\/museo-1-600x188.png 600w\" sizes=\"auto, (max-width: 1920px) 100vw, 1920px\" \/><\/p>\n<p><span style=\"font-size: 14pt;\"><strong><span style=\"color: #3fa7d2;\">Espa\u00e7os no sector<\/span><\/strong><\/span><\/p>\n<ul>\n<li>Armaz\u00e9ns para obras de arte<\/li>\n<li>Museus<\/li>\n<li>Galerias de arte<\/li>\n<li>Laborat\u00f3rio de conserva\u00e7\u00e3o<\/li>\n<li>Bibliotecas \/ Arquivos<\/li>\n<\/ul>\n<p><img loading=\"lazy\" decoding=\"async\" class=\"alignnone wp-image-43744 size-full\" src=\"https:\/\/venfilter.es\/wp-content\/uploads\/museo-2.png\" alt=\"\" width=\"1920\" height=\"600\" srcset=\"https:\/\/venfilter.es\/wp-content\/uploads\/museo-2.png 1920w, https:\/\/venfilter.es\/wp-content\/uploads\/museo-2-300x94.png 300w, https:\/\/venfilter.es\/wp-content\/uploads\/museo-2-1024x320.png 1024w, https:\/\/venfilter.es\/wp-content\/uploads\/museo-2-768x240.png 768w, https:\/\/venfilter.es\/wp-content\/uploads\/museo-2-1536x480.png 1536w, https:\/\/venfilter.es\/wp-content\/uploads\/museo-2-600x188.png 600w\" sizes=\"auto, (max-width: 1920px) 100vw, 1920px\" \/><\/p>\n<\/p>\n            <\/div>\n        <\/div>\n                <div class=\"item-valor overlay__button\">\n            <div class=\"imagen\">\n                <img decoding=\"async\" src=\"https:\/\/venfilter.es\/wp-content\/uploads\/Cines-teatros-museos.png\" alt=\"\" \/>\n            <\/div>\n            <h4>Cinemas \/ Teatros<\/h4>\n            <div class=\"cont__view-more\">\n                Ver m\u00e1s            <\/div>\n            <div class=\"overlay__content\">\n                <p><p><span style=\"font-size: 36pt; color: #00589b;\">Cinemas \/ Teatros<\/span><\/p>\n<p>Nos cinemas e teatros, um grande n\u00famero de pessoas re\u00fane-se durante algumas horas para se divertir e todos respiram o mesmo ar. Mesmo que o corpo humano n\u00e3o esteja a fazer qualquer atividade, transmite milhares de part\u00edculas e isso vai afetar o conforto dos espectadores.<\/p>\n<p>Nestes espa\u00e7os rimos, comemos e respiramos juntos. A qualidade do ar em todas estas \u00e1reas deve ser segura para que as pessoas possam desfrutar do seu tempo de lazer sem se preocuparem com o que est\u00e3o a respirar.<\/p>\n<p>Al\u00e9m disso, nestes espa\u00e7os, devemos tamb\u00e9m ter em conta as zonas exteriores \u00e0s salas onde tamb\u00e9m se geram filas de espera e onde existem zonas de restaura\u00e7\u00e3o. Por este motivo, a filtragem de part\u00edculas e de mol\u00e9culas \u00e9 necess\u00e1ria para garantir o conforto dos espectadores, do pessoal e a manuten\u00e7\u00e3o das salas.<\/p>\n<p><img loading=\"lazy\" decoding=\"async\" class=\"alignnone wp-image-43753 size-full\" src=\"https:\/\/venfilter.es\/wp-content\/uploads\/cine.png\" alt=\"\" width=\"1920\" height=\"600\" srcset=\"https:\/\/venfilter.es\/wp-content\/uploads\/cine.png 1920w, https:\/\/venfilter.es\/wp-content\/uploads\/cine-300x94.png 300w, https:\/\/venfilter.es\/wp-content\/uploads\/cine-1024x320.png 1024w, https:\/\/venfilter.es\/wp-content\/uploads\/cine-768x240.png 768w, https:\/\/venfilter.es\/wp-content\/uploads\/cine-1536x480.png 1536w, https:\/\/venfilter.es\/wp-content\/uploads\/cine-600x188.png 600w\" sizes=\"auto, (max-width: 1920px) 100vw, 1920px\" \/><\/p>\n<p><span style=\"color: #3fa7d2;\"><span style=\"font-size: 18.6667px;\"><b> Elementos a considerar na conce\u00e7\u00e3o de um sistema de ventila\u00e7\u00e3o<\/b><\/span><\/span><\/p>\n<ul>\n<li>A conce\u00e7\u00e3o da sala<\/li>\n<li>A capacidade da sala<\/li>\n<li>Atividade m\u00ednima das pessoas<\/li>\n<li>A temperatura<\/li>\n<li>Isolamento da sala<\/li>\n<\/ul>\n<p>&nbsp;<\/p>\n<\/p>\n            <\/div>\n        <\/div>\n                <div class=\"item-valor overlay__button\">\n            <div class=\"imagen\">\n                <img decoding=\"async\" src=\"https:\/\/venfilter.es\/wp-content\/uploads\/Gimnasios.png\" alt=\"\" \/>\n            <\/div>\n            <h4>Gin\u00e1sios <\/h4>\n            <div class=\"cont__view-more\">\n                Ver m\u00e1s            <\/div>\n            <div class=\"overlay__content\">\n                <p><p><span style=\"font-size: 36pt; color: #00589b;\">Gin\u00e1sios\u00a0<\/span><\/p>\n<p>A maior parte das part\u00edculas num espa\u00e7o fechado \u00e9 emitida pelas pessoas. As pessoas em repouso podem gerar cerca de 500.000 part\u00edculas por minuto. Este n\u00famero aumenta para 15.000.000 de part\u00edculas quando as pessoas fazem exerc\u00edcio f\u00edsico de alta intensidade.<\/p>\n<p><img loading=\"lazy\" decoding=\"async\" class=\"alignnone wp-image-43771 size-full\" src=\"https:\/\/venfilter.es\/wp-content\/uploads\/IMAGEN-INTERIOR-SUBSECTORES-10.png\" alt=\"\" width=\"1920\" height=\"600\" srcset=\"https:\/\/venfilter.es\/wp-content\/uploads\/IMAGEN-INTERIOR-SUBSECTORES-10.png 1920w, https:\/\/venfilter.es\/wp-content\/uploads\/IMAGEN-INTERIOR-SUBSECTORES-10-300x94.png 300w, https:\/\/venfilter.es\/wp-content\/uploads\/IMAGEN-INTERIOR-SUBSECTORES-10-1024x320.png 1024w, https:\/\/venfilter.es\/wp-content\/uploads\/IMAGEN-INTERIOR-SUBSECTORES-10-768x240.png 768w, https:\/\/venfilter.es\/wp-content\/uploads\/IMAGEN-INTERIOR-SUBSECTORES-10-1536x480.png 1536w, https:\/\/venfilter.es\/wp-content\/uploads\/IMAGEN-INTERIOR-SUBSECTORES-10-600x188.png 600w\" sizes=\"auto, (max-width: 1920px) 100vw, 1920px\" \/><\/p>\n<p><strong><span style=\"font-size: 14pt; color: #3fa7d2;\">Poluentes e problemas num gin\u00e1sio<\/span><\/strong><\/p>\n<ul>\n<li>Poeira<\/li>\n<li>Fiapos<\/li>\n<li>Mofo<\/li>\n<li>Mau cheiro<\/li>\n<\/ul>\n<p><img loading=\"lazy\" decoding=\"async\" class=\"alignnone wp-image-43775 size-full\" src=\"https:\/\/venfilter.es\/wp-content\/uploads\/gym.png\" alt=\"\" width=\"1920\" height=\"600\" srcset=\"https:\/\/venfilter.es\/wp-content\/uploads\/gym.png 1920w, https:\/\/venfilter.es\/wp-content\/uploads\/gym-300x94.png 300w, https:\/\/venfilter.es\/wp-content\/uploads\/gym-1024x320.png 1024w, https:\/\/venfilter.es\/wp-content\/uploads\/gym-768x240.png 768w, https:\/\/venfilter.es\/wp-content\/uploads\/gym-1536x480.png 1536w, https:\/\/venfilter.es\/wp-content\/uploads\/gym-600x188.png 600w\" sizes=\"auto, (max-width: 1920px) 100vw, 1920px\" \/><\/p>\n<p>Esta quantidade de part\u00edculas, juntamente com a elevada exala\u00e7\u00e3o dos atletas, torna a import\u00e2ncia da qualidade do ar nos gin\u00e1sios vital. N\u00e3o s\u00f3 para o desempenho dos atletas de elite, mas tamb\u00e9m para aqueles que exercem a sua atividade de uma forma saud\u00e1vel e segura.<\/p>\n<p>&nbsp;<\/p>\n<\/p>\n            <\/div>\n        <\/div>\n            <\/div>\n    <div\n        class=\"navigation-vent \">\n        <div class=\"prev-vent\" aria-label=\"Previous\" type=\"button\"\">\n            <svg xmlns=\" http:\/\/www.w3.org\/2000\/svg\" viewBox=\"0 0 24 24\" fill=\"#003a76\" width=\"30px\" height=\"30px\">\n            <path d=\"M0 0h24v24H0z\" fill=\"none\" \/>\n            <path class=\"fill\" d=\"M15.41 7.41L14 6l-6 6 6 6 1.41-1.41L10.83 12z\" \/><\/svg>\n        <\/div>\n        <div class=\"dots-vent\"><\/div>\n        <div class=\"next-vent\" aria-label=\"Next\" type=\"button\">\n            <svg xmlns=\"http:\/\/www.w3.org\/2000\/svg\" viewBox=\"0 0 24 24\" fill=\"#003a76\" width=\"30px\" height=\"30px\">\n                <path d=\"M0 0h24v24H0z\" fill=\"none\" \/>\n                <path class=\"fill\" d=\"M8.59 16.59L10 18l6-6-6-6-1.41 1.41L13.17 12z\" \/>\n            <\/svg>\n        <\/div>\n    <\/div>\n<\/div>\n\n\n<div class=\"block-column dos\"\n    style=\"min-height: 100px;background-color:#ffffff;\">\n    <div class=\"columns left\">\n        <div class=\"column column-content \">\n            <div>\n                                \n\n<h2 class=\"wp-block-heading h1\">Porqu\u00ea os sistemas de filtragem de ar para espa\u00e7os p\u00fablicos?<\/h2>\n\n\n\n<p>Nos espa\u00e7os p\u00fablicos muito congestionados, o ar pode transformar-se num perigo devido \u00e0 contamina\u00e7\u00e3o microbiol\u00f3gica.<\/p>\n\n\n\n<p><strong>A dimens\u00e3o microsc\u00f3pica das fontes de contamina\u00e7\u00e3o, devido ao seu tamanho, dificulta o problema, uma vez que o ar cont\u00e9m distintos microrganismos:<\/strong><\/p>\n\n\n\n<ul class=\"wp-block-list\">\n<li>P\u00f3len 10 micr\u00f3metros<\/li>\n\n\n\n<li>V\u00edrus entre 1\/100 e 1\/1000 de micr\u00f3metro<\/li>\n\n\n\n<li>Bact\u00e9rias entre 0,2 e 10 micr\u00f3metros<\/li>\n\n\n\n<li>Esporos de fungos varia entre 1 e 10 micr\u00f3metros<\/li>\n<\/ul>\n\n\n\n<p>Um metro c\u00fabico de ar exterior pode conter entre 200 e 1500 bact\u00e9rias. Num sistema de ventila\u00e7\u00e3o com um fluxo de ar de 10.000 m3\/h, \u00e9 poss\u00edvel introduzir entre 2 a 10 milh\u00f5es de bact\u00e9rias por hora num espa\u00e7o congestionado. Isto pode levar \u00e0 contamina\u00e7\u00e3o do ar e afetar a sa\u00fade e o conforto das pessoas. <\/p>\n\n\n            <\/div>\n        <\/div>\n\n                <div class=\"column\">\n                                <img decoding=\"async\" class=\"image\" src=\"https:\/\/venfilter.es\/wp-content\/uploads\/2021\/11\/img-agroalimentario-03.jpg\"\n            alt=\"\">\n            <\/div>\n    <\/div>\n<\/div>\n\n\n<div class=\"block-column una\"\n    style=\"min-height: 100px;background-image: url('https:\/\/venfilter.es\/wp-content\/uploads\/2021\/11\/img-paralax-sectores-1024x576.jpg');\">\n    <div class=\"columns right\">\n        <div class=\"column column-content \">\n            <div>\n                                \n\n<h2 class=\"wp-block-heading h1\">Fontes de contamina\u00e7\u00e3o<\/h2>\n\n\n\n<p>Nos espa\u00e7os p\u00fablicos, as principais fontes de contamina\u00e7\u00e3o microbiol\u00f3gica do ar podem variar em fun\u00e7\u00e3o das instala\u00e7\u00f5es, dos fluxos de pessoas, das mat\u00e9rias-primas&#8230;<\/p>\n\n\n\n<p>Deve ser tomado especial cuidado com as condutas de ventila\u00e7\u00e3o, uma vez que o ar pode n\u00e3o ser devidamente filtrado, o que permite que os contaminantes transportados pelo mesmo, tais como p\u00f3, p\u00f3len e bact\u00e9rias, circulem livremente. Para al\u00e9m da deteriora\u00e7\u00e3o da qualidade do ar, o bolor e os esporos existentes na humidade destas mesmas condutas tamb\u00e9m podem vir a ser um problema.<\/p>\n\n\n\n<p>A fun\u00e7\u00e3o principal de um sistema geral de ventila\u00e7\u00e3o \u00e9 proporcionar os fluxos de ar com a temperatura, humidade e qualidade de ar ideais nas diversas \u00e1reas. Este sistema proporciona ar limpo ao equipamento e os poluentes transportados pelo ar nas zonas mais cr\u00edticas.<\/p>\n\n\n            <\/div>\n        <\/div>\n\n        <\/div>\n<\/div>\n\n\n<div class=\"block-column dos\"\n    style=\"min-height: 100px;background-color:#ffffff;\">\n    <div class=\"columns right\">\n        <div class=\"column column-content \">\n            <div>\n                                \n\n<h2 class=\"wp-block-heading h1\">Filtragem e condicionamento de ar em espa\u00e7os p\u00fablicos e comerciais<\/h2>\n\n\n\n<p>Os filtros e meios filtrantes Venfilter s\u00e3o certificados e cumprem as normas mais exigentes para instala\u00e7\u00f5es em espa\u00e7os p\u00fablicos particularmente congestionados.<\/p>\n\n\n\n<p>Estes espa\u00e7os devem ter uma boa qualidade de ar interior para prevenir a carga microbiana. A temperatura e a humidade precisam de ser controladas. Apenas os sistemas confi\u00e1veis com filtros altamente eficazes s\u00e3o capazes de proporcionar este tipo de controlo. Para evitar que o sistema de ar condicionado se transforme em col\u00f3nias de micr\u00f3bios, \u00e9 necess\u00e1rio controlar a temperatura e a humidade e eliminar a mat\u00e9ria org\u00e2nica acumulada, j\u00e1 que os permutadores obstru\u00eddos oferecem um bom suporte para o desenvolvimento de microrganismos.<\/p>\n\n\n\n<p><strong>Garantimos a sa\u00fade e o conforto em espa\u00e7os p\u00fablicos e comerciais. A Venfilter oferece solu\u00e7\u00f5es de filtragem para sistemas de climatiza\u00e7\u00e3o higi\u00e9nicos que s\u00e3o sens\u00edveis \u00e0 contamina\u00e7\u00e3o microbiana. Fale com os nossos peritos!<\/strong><\/p>\n\n\n            <\/div>\n        <\/div>\n\n                <div class=\"column\">\n                                <img decoding=\"async\" class=\"image\" src=\"https:\/\/venfilter.es\/wp-content\/uploads\/img-espaciospublicos-04.jpg\"\n            alt=\"\">\n            <\/div>\n    <\/div>\n<\/div>","protected":false},"featured_media":35473,"template":"","class_list":["post-40757","sector","type-sector","status-publish","has-post-thumbnail","hentry"],"acf":[],"yoast_head":"<!-- This site is optimized with the Yoast SEO plugin v27.4 - https:\/\/yoast.com\/product\/yoast-seo-wordpress\/ -->\n<title>Espa\u00e7os p\u00fablicos e comerciais - Venfilter<\/title>\n<meta name=\"description\" content=\"Produtos Venfilter Safety Spaces para a ventila\u00e7\u00e3o e climatiza\u00e7\u00e3o em espa\u00e7os p\u00fablicos e comerciais Oferecemos uma ampla gama de produtos certificados e\" \/>\n<meta name=\"robots\" content=\"index, follow, max-snippet:-1, max-image-preview:large, max-video-preview:-1\" \/>\n<link rel=\"canonical\" href=\"https:\/\/venfilter.es\/pt-pt\/sectores\/espacos-publicos-comerciais\/\" \/>\n<meta property=\"og:locale\" content=\"pt_PT\" \/>\n<meta property=\"og:type\" content=\"article\" \/>\n<meta property=\"og:title\" content=\"Espa\u00e7os p\u00fablicos e comerciais - Venfilter\" \/>\n<meta property=\"og:description\" content=\"Produtos Venfilter Safety Spaces para a ventila\u00e7\u00e3o e climatiza\u00e7\u00e3o em espa\u00e7os p\u00fablicos e comerciais Oferecemos uma ampla gama de produtos certificados e\" \/>\n<meta property=\"og:url\" content=\"https:\/\/venfilter.es\/pt-pt\/sectores\/espacos-publicos-comerciais\/\" \/>\n<meta property=\"og:site_name\" content=\"Venfilter\" \/>\n<meta property=\"article:modified_time\" content=\"2025-11-28T08:40:06+00:00\" \/>\n<meta property=\"og:image\" content=\"https:\/\/venfilter.es\/wp-content\/uploads\/2021\/11\/img-sector-espacios-publicos.jpg\" \/>\n\t<meta property=\"og:image:width\" content=\"530\" \/>\n\t<meta property=\"og:image:height\" content=\"530\" \/>\n\t<meta property=\"og:image:type\" content=\"image\/jpeg\" \/>\n<meta name=\"twitter:card\" content=\"summary_large_image\" \/>\n<meta name=\"twitter:label1\" content=\"Tempo estimado de leitura\" \/>\n\t<meta name=\"twitter:data1\" content=\"4 minutos\" \/>\n<script type=\"application\/ld+json\" class=\"yoast-schema-graph\">{\"@context\":\"https:\\\/\\\/schema.org\",\"@graph\":[{\"@type\":\"WebPage\",\"@id\":\"https:\\\/\\\/venfilter.es\\\/pt-pt\\\/sectores\\\/espacos-publicos-comerciais\\\/\",\"url\":\"https:\\\/\\\/venfilter.es\\\/pt-pt\\\/sectores\\\/espacos-publicos-comerciais\\\/\",\"name\":\"Espa\u00e7os p\u00fablicos e comerciais - Venfilter\",\"isPartOf\":{\"@id\":\"https:\\\/\\\/venfilter.es\\\/pt-pt\\\/#website\"},\"primaryImageOfPage\":{\"@id\":\"https:\\\/\\\/venfilter.es\\\/pt-pt\\\/sectores\\\/espacos-publicos-comerciais\\\/#primaryimage\"},\"image\":{\"@id\":\"https:\\\/\\\/venfilter.es\\\/pt-pt\\\/sectores\\\/espacos-publicos-comerciais\\\/#primaryimage\"},\"thumbnailUrl\":\"https:\\\/\\\/venfilter.es\\\/wp-content\\\/uploads\\\/2021\\\/11\\\/img-sector-espacios-publicos.jpg\",\"datePublished\":\"2021-11-09T08:40:28+00:00\",\"dateModified\":\"2025-11-28T08:40:06+00:00\",\"description\":\"Produtos Venfilter Safety Spaces para a ventila\u00e7\u00e3o e climatiza\u00e7\u00e3o em espa\u00e7os p\u00fablicos e comerciais Oferecemos uma ampla gama de produtos certificados e\",\"breadcrumb\":{\"@id\":\"https:\\\/\\\/venfilter.es\\\/pt-pt\\\/sectores\\\/espacos-publicos-comerciais\\\/#breadcrumb\"},\"inLanguage\":\"pt-PT\",\"potentialAction\":[{\"@type\":\"ReadAction\",\"target\":[\"https:\\\/\\\/venfilter.es\\\/pt-pt\\\/sectores\\\/espacos-publicos-comerciais\\\/\"]}]},{\"@type\":\"ImageObject\",\"inLanguage\":\"pt-PT\",\"@id\":\"https:\\\/\\\/venfilter.es\\\/pt-pt\\\/sectores\\\/espacos-publicos-comerciais\\\/#primaryimage\",\"url\":\"https:\\\/\\\/venfilter.es\\\/wp-content\\\/uploads\\\/2021\\\/11\\\/img-sector-espacios-publicos.jpg\",\"contentUrl\":\"https:\\\/\\\/venfilter.es\\\/wp-content\\\/uploads\\\/2021\\\/11\\\/img-sector-espacios-publicos.jpg\",\"width\":530,\"height\":530},{\"@type\":\"BreadcrumbList\",\"@id\":\"https:\\\/\\\/venfilter.es\\\/pt-pt\\\/sectores\\\/espacos-publicos-comerciais\\\/#breadcrumb\",\"itemListElement\":[{\"@type\":\"ListItem\",\"position\":1,\"name\":\"Portada\",\"item\":\"https:\\\/\\\/venfilter.es\\\/pt-pt\\\/\"},{\"@type\":\"ListItem\",\"position\":2,\"name\":\"Espa\u00e7os p\u00fablicos e comerciais\"}]},{\"@type\":\"WebSite\",\"@id\":\"https:\\\/\\\/venfilter.es\\\/pt-pt\\\/#website\",\"url\":\"https:\\\/\\\/venfilter.es\\\/pt-pt\\\/\",\"name\":\"Venfilter\",\"description\":\"Filtros de aire y ventilaci\u00f3n industrial\",\"potentialAction\":[{\"@type\":\"SearchAction\",\"target\":{\"@type\":\"EntryPoint\",\"urlTemplate\":\"https:\\\/\\\/venfilter.es\\\/pt-pt\\\/?s={search_term_string}\"},\"query-input\":{\"@type\":\"PropertyValueSpecification\",\"valueRequired\":true,\"valueName\":\"search_term_string\"}}],\"inLanguage\":\"pt-PT\"}]}<\/script>\n<!-- \/ Yoast SEO plugin. -->","yoast_head_json":{"title":"Espa\u00e7os p\u00fablicos e comerciais - Venfilter","description":"Produtos Venfilter Safety Spaces para a ventila\u00e7\u00e3o e climatiza\u00e7\u00e3o em espa\u00e7os p\u00fablicos e comerciais Oferecemos uma ampla gama de produtos certificados e","robots":{"index":"index","follow":"follow","max-snippet":"max-snippet:-1","max-image-preview":"max-image-preview:large","max-video-preview":"max-video-preview:-1"},"canonical":"https:\/\/venfilter.es\/pt-pt\/sectores\/espacos-publicos-comerciais\/","og_locale":"pt_PT","og_type":"article","og_title":"Espa\u00e7os p\u00fablicos e comerciais - Venfilter","og_description":"Produtos Venfilter Safety Spaces para a ventila\u00e7\u00e3o e climatiza\u00e7\u00e3o em espa\u00e7os p\u00fablicos e comerciais Oferecemos uma ampla gama de produtos certificados e","og_url":"https:\/\/venfilter.es\/pt-pt\/sectores\/espacos-publicos-comerciais\/","og_site_name":"Venfilter","article_modified_time":"2025-11-28T08:40:06+00:00","og_image":[{"width":530,"height":530,"url":"https:\/\/venfilter.es\/wp-content\/uploads\/2021\/11\/img-sector-espacios-publicos.jpg","type":"image\/jpeg"}],"twitter_card":"summary_large_image","twitter_misc":{"Tempo estimado de leitura":"4 minutos"},"schema":{"@context":"https:\/\/schema.org","@graph":[{"@type":"WebPage","@id":"https:\/\/venfilter.es\/pt-pt\/sectores\/espacos-publicos-comerciais\/","url":"https:\/\/venfilter.es\/pt-pt\/sectores\/espacos-publicos-comerciais\/","name":"Espa\u00e7os p\u00fablicos e comerciais - Venfilter","isPartOf":{"@id":"https:\/\/venfilter.es\/pt-pt\/#website"},"primaryImageOfPage":{"@id":"https:\/\/venfilter.es\/pt-pt\/sectores\/espacos-publicos-comerciais\/#primaryimage"},"image":{"@id":"https:\/\/venfilter.es\/pt-pt\/sectores\/espacos-publicos-comerciais\/#primaryimage"},"thumbnailUrl":"https:\/\/venfilter.es\/wp-content\/uploads\/2021\/11\/img-sector-espacios-publicos.jpg","datePublished":"2021-11-09T08:40:28+00:00","dateModified":"2025-11-28T08:40:06+00:00","description":"Produtos Venfilter Safety Spaces para a ventila\u00e7\u00e3o e climatiza\u00e7\u00e3o em espa\u00e7os p\u00fablicos e comerciais Oferecemos uma ampla gama de produtos certificados e","breadcrumb":{"@id":"https:\/\/venfilter.es\/pt-pt\/sectores\/espacos-publicos-comerciais\/#breadcrumb"},"inLanguage":"pt-PT","potentialAction":[{"@type":"ReadAction","target":["https:\/\/venfilter.es\/pt-pt\/sectores\/espacos-publicos-comerciais\/"]}]},{"@type":"ImageObject","inLanguage":"pt-PT","@id":"https:\/\/venfilter.es\/pt-pt\/sectores\/espacos-publicos-comerciais\/#primaryimage","url":"https:\/\/venfilter.es\/wp-content\/uploads\/2021\/11\/img-sector-espacios-publicos.jpg","contentUrl":"https:\/\/venfilter.es\/wp-content\/uploads\/2021\/11\/img-sector-espacios-publicos.jpg","width":530,"height":530},{"@type":"BreadcrumbList","@id":"https:\/\/venfilter.es\/pt-pt\/sectores\/espacos-publicos-comerciais\/#breadcrumb","itemListElement":[{"@type":"ListItem","position":1,"name":"Portada","item":"https:\/\/venfilter.es\/pt-pt\/"},{"@type":"ListItem","position":2,"name":"Espa\u00e7os p\u00fablicos e comerciais"}]},{"@type":"WebSite","@id":"https:\/\/venfilter.es\/pt-pt\/#website","url":"https:\/\/venfilter.es\/pt-pt\/","name":"Venfilter","description":"Filtros de aire y ventilaci\u00f3n industrial","potentialAction":[{"@type":"SearchAction","target":{"@type":"EntryPoint","urlTemplate":"https:\/\/venfilter.es\/pt-pt\/?s={search_term_string}"},"query-input":{"@type":"PropertyValueSpecification","valueRequired":true,"valueName":"search_term_string"}}],"inLanguage":"pt-PT"}]}},"_links":{"self":[{"href":"https:\/\/venfilter.es\/pt-pt\/wp-json\/wp\/v2\/sector\/40757","targetHints":{"allow":["GET"]}}],"collection":[{"href":"https:\/\/venfilter.es\/pt-pt\/wp-json\/wp\/v2\/sector"}],"about":[{"href":"https:\/\/venfilter.es\/pt-pt\/wp-json\/wp\/v2\/types\/sector"}],"wp:featuredmedia":[{"embeddable":true,"href":"https:\/\/venfilter.es\/pt-pt\/wp-json\/wp\/v2\/media\/35473"}],"wp:attachment":[{"href":"https:\/\/venfilter.es\/pt-pt\/wp-json\/wp\/v2\/media?parent=40757"}],"curies":[{"name":"wp","href":"https:\/\/api.w.org\/{rel}","templated":true}]}}